{"id":103,"date":"2022-12-03T10:44:06","date_gmt":"2022-12-03T10:44:06","guid":{"rendered":"https:\/\/flamencoach.com\/?page_id=103"},"modified":"2026-03-10T11:26:15","modified_gmt":"2026-03-10T10:26:15","slug":"sobre-natalia-palomo","status":"publish","type":"page","link":"https:\/\/flamencoach.com\/index.php\/sobre-natalia-palomo\/","title":{"rendered":"Sobre Natalia"},"content":{"rendered":"<p>[et_pb_section fb_built=\u00bb1&#8243; admin_label=\u00bbsection\u00bb _builder_version=\u00bb4.19.1&#8243; background_color=\u00bbrgba(0,0,0,0.5)\u00bb background_image=\u00bbhttps:\/\/flamencoach.com\/wp-content\/uploads\/2022\/12\/Natalia-Palomo-Historia.png\u00bb background_blend=\u00bbmultiply\u00bb background_enable_video_mp4=\u00bboff\u00bb background_video_pause_outside_viewport=\u00bboff\u00bb width=\u00bb100%\u00bb custom_padding=\u00bb150px||150px||true|false\u00bb global_colors_info=\u00bb{}\u00bb][et_pb_row _builder_version=\u00bb4.19.1&#8243; _module_preset=\u00bbdefault\u00bb width=\u00bb40%\u00bb width_tablet=\u00bb40%\u00bb width_phone=\u00bb80%\u00bb width_last_edited=\u00bbon|phone\u00bb custom_padding=\u00bb100px||100px||true|false\u00bb global_colors_info=\u00bb{}\u00bb][et_pb_column type=\u00bb4_4&#8243; _builder_version=\u00bb4.16&#8243; _module_preset=\u00bbdefault\u00bb global_colors_info=\u00bb{}\u00bb][et_pb_text _builder_version=\u00bb4.19.1&#8243; _module_preset=\u00bbdefault\u00bb header_font=\u00bbPlayfair Display|800|||||||\u00bb header_text_color=\u00bb#FFFFFF\u00bb header_font_size=\u00bb60px\u00bb text_orientation=\u00bbcenter\u00bb header_font_size_phone=\u00bb40px\u00bb text_orientation_tablet=\u00bbcenter\u00bb text_orientation_phone=\u00bbleft\u00bb text_orientation_last_edited=\u00bbon|phone\u00bb global_colors_info=\u00bb{}\u00bb]<\/p>\n<h1>SOBRE NATALIA PALOMO<\/h1>\n<p>[\/et_pb_text][et_pb_text _builder_version=\u00bb4.19.1&#8243; _module_preset=\u00bbdefault\u00bb header_4_font=\u00bbRoboto||||||||\u00bb text_orientation=\u00bbcenter\u00bb background_layout=\u00bbdark\u00bb custom_margin=\u00bb0px||0px||true|false\u00bb custom_padding=\u00bb0px||0px||true|false\u00bb text_orientation_tablet=\u00bbcenter\u00bb text_orientation_phone=\u00bbleft\u00bb text_orientation_last_edited=\u00bbon|phone\u00bb global_colors_info=\u00bb{}\u00bb]<\/p>\n<h5>Dejame contarte la historia sobre c\u00f3mo cambi\u00e9 mi vida y c\u00f3mo t\u00fa puedes cambiar la tuya.<\/h5>\n<p>[\/et_pb_text][\/et_pb_column][\/et_pb_row][\/et_pb_section][et_pb_section fb_built=\u00bb1&#8243; _builder_version=\u00bb4.19.1&#8243; _module_preset=\u00bbdefault\u00bb background_color=\u00bb#FFFFFF\u00bb global_colors_info=\u00bb{}\u00bb][et_pb_row column_structure=\u00bb1_2,1_2&#8243; make_equal=\u00bbon\u00bb _builder_version=\u00bb4.19.1&#8243; _module_preset=\u00bbdefault\u00bb custom_padding=\u00bb0px||50px||false|false\u00bb global_colors_info=\u00bb{}\u00bb][et_pb_column type=\u00bb1_2&#8243; _builder_version=\u00bb4.16&#8243; _module_preset=\u00bbdefault\u00bb global_colors_info=\u00bb{}\u00bb][et_pb_image src=\u00bbhttps:\/\/flamencoach.com\/wp-content\/uploads\/2022\/12\/Natalia-Palomo-Historia-2.png\u00bb title_text=\u00bbNatalia Palomo Historia 2&#8243; align=\u00bbcenter\u00bb _builder_version=\u00bb4.19.1&#8243; _module_preset=\u00bbdefault\u00bb custom_margin=\u00bb||0px||false|false\u00bb custom_padding=\u00bb||0px||false|false\u00bb global_colors_info=\u00bb{}\u00bb][\/et_pb_image][\/et_pb_column][et_pb_column type=\u00bb1_2&#8243; _builder_version=\u00bb4.19.1&#8243; _module_preset=\u00bbdefault\u00bb custom_css_main_element=\u00bbmargin:auto\u00bb global_colors_info=\u00bb{}\u00bb][et_pb_text _builder_version=\u00bb4.19.1&#8243; _module_preset=\u00bbdefault\u00bb header_2_font=\u00bbStyle Script||||||||\u00bb custom_margin=\u00bb0px||0px||true|false\u00bb custom_padding=\u00bb0px||0px||true|false\u00bb global_colors_info=\u00bb{}\u00bb]<\/p>\n<h2>Natalia Palomo P\u00e9rez<\/h2>\n<p>[\/et_pb_text][et_pb_text _builder_version=\u00bb4.19.2&#8243; _module_preset=\u00bbdefault\u00bb header_5_text_color=\u00bb#006687&#8243; custom_margin=\u00bb0px||10px||false|false\u00bb custom_padding=\u00bb0px||0px||false|false\u00bb global_colors_info=\u00bb{}\u00bb]<\/p>\n<h5>Si eres de los que se est\u00e1 preguntando qui\u00e9n soy, y por qu\u00e9 deber\u00edas escucharme, dejame contarte una peque\u00f1a historia&#8230;<\/h5>\n<p>[\/et_pb_text][et_pb_text _builder_version=\u00bb4.19.1&#8243; _module_preset=\u00bbdefault\u00bb header_4_font=\u00bbRoboto||||||||\u00bb custom_margin=\u00bb0px||0px||true|false\u00bb custom_padding=\u00bb0px||0px||true|false\u00bb global_colors_info=\u00bb{}\u00bb]<\/p>\n<p style=\"text-align: justify;\">Mi nombre es <span style=\"color: #0f1e2d;\"><strong>Natalia Palomo,<\/strong><\/span> estudi\u00e9 RRLL Y RRHH, m\u00e1ster en coaching y trastornos psicosom\u00e1ticos, y m\u00e1ster en investigaci\u00f3n y an\u00e1lisis del Flamenco.<\/p>\n<p style=\"text-align: justify;\">Actualmente soy coach y cantaora de Flamenco, pero sobre todo soy una humana a la que la cultura, y el autoconocimiento, salv\u00f3.<\/p>\n<p style=\"text-align: justify;\">Nac\u00ed en una familia donde sufr\u00ed mucho estr\u00e9s por problemas relacionados con mi entorno directo. Yo, como muchos de los que me le\u00e9is no tuve acceso a informaci\u00f3n sobre la mente, las emociones, y modelos de afecto sanos, as\u00ed que, sumando a esto una mente potente con la que vine al mundo, una mente que se hac\u00eda preguntas profundas, que se sensibilizaba ante cualquier est\u00edmulo, inquieta y emp\u00e1tica, <span style=\"color: #0f1e2d;\"><strong>desarrolle un trastorno de ansiedad, p\u00e1nico y agorafobia que dio la cara por primera vez a mis 9 a\u00f1os.<\/strong><\/span><\/p>\n<p style=\"text-align: justify;\">Recuerdo toda mi infancia y adolescencia sinti\u00e9ndome rara, asustada por mi mente, por mis sensaciones y yendo al psic\u00f3logo a escondidas de mis amigos y algunos familiares por no sentirme m\u00e1s vulnerable y perdida a\u00fan.<\/p>\n<p style=\"text-align: justify;\">De todos los diagn\u00f3sticos, terapias, y psicof\u00e1rmacos que me ofrecieron como herramientas (y te aseguro que fueron muchos) no llegu\u00e9 a encontrar la soluci\u00f3n a mi problema, por lo que cada vez viv\u00eda m\u00e1s limitada y era m\u00e1s infeliz. <span style=\"color: #0f1e2d;\"><strong>Llegu\u00e9 a estar en un cuarto encerrada teniendo miedo de mis s\u00edntomas, creyendo que iba a morir en cualquier momento, si no me volv\u00eda loca antes.<\/strong><\/span><\/p>\n<p style=\"text-align: justify;\">Solo los que hemos pasado por aqu\u00ed entendemos el sufrimiento que supone tener una mala relaci\u00f3n con tu mente, y acarrear el dolor de una o varias heridas del pasado.<\/p>\n<p>[\/et_pb_text][\/et_pb_column][\/et_pb_row][et_pb_row column_structure=\u00bb1_2,1_2&#8243; make_equal=\u00bbon\u00bb disabled_on=\u00bbon|on|off\u00bb _builder_version=\u00bb4.19.1&#8243; _module_preset=\u00bbdefault\u00bb custom_padding=\u00bb0px||50px||false|false\u00bb global_colors_info=\u00bb{}\u00bb][et_pb_column type=\u00bb1_2&#8243; _builder_version=\u00bb4.19.1&#8243; _module_preset=\u00bbdefault\u00bb custom_css_main_element=\u00bbmargin:auto\u00bb global_colors_info=\u00bb{}\u00bb][et_pb_text _builder_version=\u00bb4.19.1&#8243; _module_preset=\u00bbdefault\u00bb header_2_font=\u00bbStyle Script||||||||\u00bb custom_margin=\u00bb0px||0px||true|false\u00bb custom_padding=\u00bb0px||0px||true|false\u00bb global_colors_info=\u00bb{}\u00bb]<\/p>\n<h2>Y entonces&#8230; \u00bfqu\u00e9 me salv\u00f3 a m\u00ed?<\/h2>\n<p>[\/et_pb_text][et_pb_text _builder_version=\u00bb4.19.2&#8243; _module_preset=\u00bbdefault\u00bb header_5_text_color=\u00bb#006687&#8243; custom_margin=\u00bb0px||10px||false|false\u00bb custom_padding=\u00bb0px||0px||false|false\u00bb global_colors_info=\u00bb{}\u00bb]<\/p>\n<h5>A mi me salv\u00f3 el autoconocimiento y la cultura, en concreto: el Flamenco.<\/h5>\n<p>[\/et_pb_text][et_pb_text _builder_version=\u00bb4.19.1&#8243; _module_preset=\u00bbdefault\u00bb header_4_font=\u00bbRoboto||||||||\u00bb custom_margin=\u00bb0px||0px||true|false\u00bb custom_padding=\u00bb0px||0px||true|false\u00bb global_colors_info=\u00bb{}\u00bb]<\/p>\n<p style=\"text-align: justify;\">El autoconocimiento hizo que dejase de preguntarme c\u00f3mo arreglar lo que estaba mal en m\u00ed, para ocuparme en conocerme. Conocer mi historia, c\u00f3mo se crearon mis cimientos y estructuras mentales, conocer mis rasgos, mis peculiaridades, y poder satisfacer mis necesidades, en muchas ocasiones poniendo en pr\u00e1ctica herramientas que tuve que integrar, y en otras muchas, acompa\u00f1ada por psic\u00f3logos, m\u00e9dicos, o coaches.<\/p>\n<p style=\"text-align: justify;\"><strong><span style=\"color: #0f1e2d;\">El Flamenco me di\u00f3 una identidad m\u00e1s all\u00e1 de ser una persona ansiosa.<\/span><\/strong><\/p>\n<p style=\"text-align: justify;\">El Flamenco me ense\u00f1\u00f3 a conectar con el presente. Me hizo entender que las cosas se consiguen mediante trabajo, y el trabajo en muchas ocasiones se basa en practicar. El Flamenco me hizo comprometerme con alguien m\u00e1s que conmigo, el p\u00fablico.<\/p>\n<p>Me hizo salir de mi mente para empatizar con mis compa\u00f1eros m\u00fasicos, e ir a una.<\/p>\n<p>Y sobre todo el Flamenco me dio el gozo del arte, y el mensaje filos\u00f3fico tan potente de figuras como Camar\u00f3n, Morente, Paco, Gades, Carmen Amaya, etc, que ense\u00f1an y capacitan a vivir con libertad y dignidad.<\/p>\n<p style=\"text-align: justify;\"><strong><span style=\"color: #0f1e2d;\">El autoconocimiento me ense\u00f1\u00f3 a conocerme y ocuparme de m\u00ed, y el Flamenco me ense\u00f1\u00f3 a vivir.<\/span><\/strong><\/p>\n<p style=\"text-align: justify;\">Eso pretendo yo con este espacio, con mi voz, con mi acompa\u00f1amiento en sesiones, con mis cursos, mi libro, o mi espect\u00e1culo: acompa\u00f1arte a entenderte, y a conocer la vida, para que puedas vivir con dignidad y libertad emocional.<\/p>\n<p style=\"text-align: justify;\">A t\u00ed que me lees, t\u00fa tambi\u00e9n puedes vivir con honra y calidad, y conocerte y tener herramientas es algo que si verdaderamente lo deseas y lo trabajas, puedes lograr.<\/p>\n<p style=\"text-align: justify;\">Te deseo mucha libertad en tu camino, y espero de coraz\u00f3n que este espacio sea de ayuda.<\/p>\n<p>[\/et_pb_text][\/et_pb_column][et_pb_column type=\u00bb1_2&#8243; _builder_version=\u00bb4.16&#8243; _module_preset=\u00bbdefault\u00bb global_colors_info=\u00bb{}\u00bb][et_pb_image src=\u00bbhttps:\/\/flamencoach.com\/wp-content\/uploads\/2022\/12\/Natalia-Palomo-Historia-3-1.png\u00bb title_text=\u00bbNatalia Palomo Historia 3 (1)\u00bb align=\u00bbcenter\u00bb _builder_version=\u00bb4.19.1&#8243; _module_preset=\u00bbdefault\u00bb custom_margin=\u00bb||0px||false|false\u00bb custom_padding=\u00bb||0px||false|false\u00bb global_colors_info=\u00bb{}\u00bb][\/et_pb_image][\/et_pb_column][\/et_pb_row][et_pb_row column_structure=\u00bb1_2,1_2&#8243; make_equal=\u00bbon\u00bb disabled_on=\u00bboff|off|on\u00bb _builder_version=\u00bb4.19.1&#8243; _module_preset=\u00bbdefault\u00bb custom_padding=\u00bb0px||50px||false|false\u00bb global_colors_info=\u00bb{}\u00bb][et_pb_column type=\u00bb1_2&#8243; _builder_version=\u00bb4.16&#8243; _module_preset=\u00bbdefault\u00bb global_colors_info=\u00bb{}\u00bb][et_pb_image src=\u00bbhttps:\/\/flamencoach.com\/wp-content\/uploads\/2022\/12\/Natalia-Palomo-Historia-3-1.png\u00bb title_text=\u00bbNatalia Palomo Historia 3 (1)\u00bb align=\u00bbcenter\u00bb _builder_version=\u00bb4.19.1&#8243; _module_preset=\u00bbdefault\u00bb custom_margin=\u00bb||0px||false|false\u00bb custom_padding=\u00bb||0px||false|false\u00bb global_colors_info=\u00bb{}\u00bb][\/et_pb_image][\/et_pb_column][et_pb_column type=\u00bb1_2&#8243; _builder_version=\u00bb4.19.1&#8243; _module_preset=\u00bbdefault\u00bb custom_css_main_element=\u00bbmargin:auto\u00bb global_colors_info=\u00bb{}\u00bb][et_pb_text _builder_version=\u00bb4.19.1&#8243; _module_preset=\u00bbdefault\u00bb header_2_font=\u00bbStyle Script||||||||\u00bb custom_margin=\u00bb0px||0px||true|false\u00bb custom_padding=\u00bb0px||0px||true|false\u00bb global_colors_info=\u00bb{}\u00bb]<\/p>\n<h2>Y entonces&#8230; \u00bfqu\u00e9 me salv\u00f3 a m\u00ed?<\/h2>\n<p>[\/et_pb_text][et_pb_text _builder_version=\u00bb4.19.2&#8243; _module_preset=\u00bbdefault\u00bb header_5_text_color=\u00bb#006687&#8243; custom_margin=\u00bb0px||10px||false|false\u00bb custom_padding=\u00bb0px||0px||false|false\u00bb global_colors_info=\u00bb{}\u00bb]<\/p>\n<h5>A mi me salv\u00f3 el autoconocimiento y la cultura, en concreto: el Flamenco.<\/h5>\n<p>[\/et_pb_text][et_pb_text _builder_version=\u00bb4.19.1&#8243; _module_preset=\u00bbdefault\u00bb header_4_font=\u00bbRoboto||||||||\u00bb custom_margin=\u00bb0px||0px||true|false\u00bb custom_padding=\u00bb0px||0px||true|false\u00bb global_colors_info=\u00bb{}\u00bb]<\/p>\n<p style=\"text-align: justify;\">El autoconocimiento hizo que dejase de preguntarme c\u00f3mo arreglar lo que estaba mal en m\u00ed, para ocuparme en conocerme. Conocer mi historia, c\u00f3mo se crearon mis cimientos y estructuras mentales, conocer mis rasgos, mis peculiaridades, y poder satisfacer mis necesidades, en muchas ocasiones poniendo en pr\u00e1ctica herramientas que tuve que integrar, y en otras muchas, acompa\u00f1ada por psic\u00f3logos, m\u00e9dicos, o coaches.<\/p>\n<p style=\"text-align: justify;\"><span style=\"color: #0f1e2d;\"><strong>El Flamenco me di\u00f3 una identidad m\u00e1s all\u00e1 de ser una persona ansiosa.<\/strong><\/span> El Flamenco me<br \/>ense\u00f1\u00f3 a conectar con el presente. Me hizo entender que las cosas se consiguen mediante trabajo, y el trabajo en muchas ocasiones se basa en practicar. El Flamenco me hizo comprometerme con alguien m\u00e1s que conmigo, el p\u00fablico.<\/p>\n<p style=\"text-align: justify;\">Me hizo salir de mi mente para empatizar con mis compa\u00f1eros m\u00fasicos, e ir a una.<br \/>Y sobre todo el Flamenco me dio el gozo del arte, y el mensaje filos\u00f3fico tan potente de<br \/>figuras como Camar\u00f3n, Morente, Paco, Gades, Carmen Amaya, etc, que ense\u00f1an y<br \/>capacitan a vivir con libertad y dignidad.<\/p>\n<p style=\"text-align: justify;\"><span style=\"color: #0f1e2d;\"><strong>El autoconocimiento me ense\u00f1\u00f3 a conocerme y ocuparme de m\u00ed, y el Flamenco me ense\u00f1\u00f3 a vivir.<\/strong><\/span><\/p>\n<p style=\"text-align: justify;\">Eso pretendo yo con este espacio, con mi voz, con mi acompa\u00f1amiento en sesiones, con mis cursos, mi libro, o mi espect\u00e1culo: acompa\u00f1arte a entenderte, y a conocer la vida, para que puedas vivir con dignidad y libertad emocional.<\/p>\n<p style=\"text-align: justify;\">A t\u00ed que me lees, t\u00fa tambi\u00e9n puedes vivir con honra y calidad, y conocerte y tener<br \/>herramientas es algo que si verdaderamente lo deseas y lo trabajas, puedes lograr.<\/p>\n<p style=\"text-align: justify;\">Te deseo mucha libertad en tu camino, y espero de coraz\u00f3n que este espacio sea de ayuda.<\/p>\n<p>[\/et_pb_text][\/et_pb_column][\/et_pb_row][\/et_pb_section][et_pb_section fb_built=\u00bb1&#8243; _builder_version=\u00bb4.19.2&#8243; _module_preset=\u00bbdefault\u00bb background_color=\u00bb#f5f5f5&#8243; background_enable_color=\u00bboff\u00bb custom_padding=\u00bb50px||50px||true|false\u00bb global_module=\u00bb269&#8243; global_colors_info=\u00bb{}\u00bb][et_pb_row custom_padding_last_edited=\u00bbon|phone\u00bb _builder_version=\u00bb4.19.1&#8243; _module_preset=\u00bbdefault\u00bb width_last_edited=\u00bboff|phone\u00bb custom_padding=\u00bb50px||50px||true|false\u00bb custom_padding_tablet=\u00bb50px||50px||true|false\u00bb custom_padding_phone=\u00bb50px||50px||true|false\u00bb global_colors_info=\u00bb{}\u00bb][et_pb_column type=\u00bb4_4&#8243; _builder_version=\u00bb4.16&#8243; _module_preset=\u00bbdefault\u00bb global_colors_info=\u00bb{}\u00bb][et_pb_text _builder_version=\u00bb4.19.2&#8243; _module_preset=\u00bbdefault\u00bb text_orientation=\u00bbcenter\u00bb custom_margin=\u00bb0px||0px||true|false\u00bb custom_padding=\u00bb0px||0px||true|false\u00bb header_3_font_size_phone=\u00bb36px\u00bb text_orientation_tablet=\u00bbcenter\u00bb text_orientation_phone=\u00bbleft\u00bb text_orientation_last_edited=\u00bbon|phone\u00bb global_colors_info=\u00bb{}\u00bb]<\/p>\n<h3>Premios y entrevistas<\/h3>\n<p>[\/et_pb_text][et_pb_text _builder_version=\u00bb4.19.2&#8243; _module_preset=\u00bbdefault\u00bb header_4_font=\u00bbRoboto||||||||\u00bb header_5_text_color=\u00bb#647382&#8243; text_orientation=\u00bbcenter\u00bb custom_margin=\u00bb0px||0px||true|false\u00bb custom_padding=\u00bb0px||0px||true|false\u00bb text_orientation_tablet=\u00bbcenter\u00bb text_orientation_phone=\u00bbleft\u00bb text_orientation_last_edited=\u00bbon|phone\u00bb global_colors_info=\u00bb{}\u00bb]<\/p>\n<h5>Haz click sobre sobre cada premio para ver la noticia en profundidad.<\/h5>\n<p>[\/et_pb_text][\/et_pb_column][\/et_pb_row][et_pb_row column_structure=\u00bb1_4,1_4,1_4,1_4&#8243; make_equal=\u00bbon\u00bb _builder_version=\u00bb4.19.1&#8243; _module_preset=\u00bbdefault\u00bb custom_padding=\u00bb0px||50px||false|false\u00bb global_colors_info=\u00bb{}\u00bb][et_pb_column type=\u00bb1_4&#8243; _builder_version=\u00bb4.16&#8243; _module_preset=\u00bbdefault\u00bb global_colors_info=\u00bb{}\u00bb][et_pb_image src=\u00bbhttps:\/\/flamencoach.com\/wp-content\/uploads\/2022\/12\/Premio-Startup-ole-Natalia-Palomo.png\u00bb title_text=\u00bbPremio Startup ole Natalia Palomo\u00bb url=\u00bbhttps:\/\/www.diariodecadiz.es\/cadiz\/UCA-Natalia-Palomo-Startup-Ole_0_1719429002.html\u00bb url_new_window=\u00bbon\u00bb _builder_version=\u00bb4.19.2&#8243; _module_preset=\u00bbdefault\u00bb custom_margin=\u00bb||0px||false|false\u00bb custom_padding=\u00bb||35px||false|false\u00bb custom_padding_tablet=\u00bb||35px||false|false\u00bb custom_padding_phone=\u00bb||20px||false|false\u00bb custom_padding_last_edited=\u00bbon|phone\u00bb global_colors_info=\u00bb{}\u00bb transform_styles__hover_enabled=\u00bbon|hover\u00bb transform_scale__hover_enabled=\u00bbon|hover\u00bb transform_translate__hover_enabled=\u00bbon|desktop\u00bb transform_rotate__hover_enabled=\u00bbon|desktop\u00bb transform_skew__hover_enabled=\u00bbon|desktop\u00bb transform_origin__hover_enabled=\u00bbon|desktop\u00bb transform_scale__hover=\u00bb105%|105%\u00bb][\/et_pb_image][et_pb_text _builder_version=\u00bb4.19.2&#8243; _module_preset=\u00bbdefault\u00bb header_4_font_size=\u00bb22px\u00bb custom_margin=\u00bb0px||0px||true|false\u00bb custom_padding=\u00bb0px||0px||true|false\u00bb link_option_url=\u00bbhttps:\/\/www.diariodecadiz.es\/cadiz\/UCA-Natalia-Palomo-Startup-Ole_0_1719429002.html\u00bb link_option_url_new_window=\u00bbon\u00bb global_colors_info=\u00bb{}\u00bb header_4_text_color__hover_enabled=\u00bbon|hover\u00bb header_4_text_color__hover=\u00bb#006687&#8243;]<\/p>\n<h4>Primer Premio Start Up Ol\u00e9 2022 Salamanca<\/h4>\n<p>[\/et_pb_text][\/et_pb_column][et_pb_column type=\u00bb1_4&#8243; _builder_version=\u00bb4.16&#8243; _module_preset=\u00bbdefault\u00bb global_colors_info=\u00bb{}\u00bb][et_pb_image src=\u00bbhttps:\/\/flamencoach.com\/wp-content\/uploads\/2022\/12\/Premio-atrebet-Natalia-Palomo.png\u00bb title_text=\u00bbPremio atrebet Natalia Palomo\u00bb url=\u00bbhttps:\/\/www.diariobahiadecadiz.com\/el-resto-del-mundo\/la-universidad-de-cadiz-entrega-sus-premios-atrebt-2022\/\u00bb url_new_window=\u00bbon\u00bb _builder_version=\u00bb4.19.2&#8243; _module_preset=\u00bbdefault\u00bb custom_margin=\u00bb||0px||false|false\u00bb custom_padding=\u00bb||35px||false|false\u00bb custom_padding_tablet=\u00bb||35px||false|false\u00bb custom_padding_phone=\u00bb20px||20px||true|false\u00bb custom_padding_last_edited=\u00bbon|phone\u00bb global_colors_info=\u00bb{}\u00bb transform_styles__hover_enabled=\u00bbon|hover\u00bb transform_scale__hover_enabled=\u00bbon|hover\u00bb transform_translate__hover_enabled=\u00bbon|desktop\u00bb transform_rotate__hover_enabled=\u00bbon|desktop\u00bb transform_skew__hover_enabled=\u00bbon|desktop\u00bb transform_origin__hover_enabled=\u00bbon|desktop\u00bb transform_scale__hover=\u00bb105%|105%\u00bb][\/et_pb_image][et_pb_text _builder_version=\u00bb4.19.2&#8243; _module_preset=\u00bbdefault\u00bb header_4_font_size=\u00bb22px\u00bb custom_margin=\u00bb0px||0px||false|false\u00bb custom_padding=\u00bb0px||0px||true|false\u00bb link_option_url=\u00bbhttps:\/\/www.diariobahiadecadiz.com\/el-resto-del-mundo\/la-universidad-de-cadiz-entrega-sus-premios-atrebt-2022\/\u00bb link_option_url_new_window=\u00bbon\u00bb global_colors_info=\u00bb{}\u00bb header_4_text_color__hover_enabled=\u00bbon|hover\u00bb header_4_text_color__hover=\u00bb#006687&#8243;]<\/p>\n<h4>Primer Premio ATR\u00c9BT HUMAN 2022<\/h4>\n<p>[\/et_pb_text][\/et_pb_column][et_pb_column type=\u00bb1_4&#8243; _builder_version=\u00bb4.16&#8243; _module_preset=\u00bbdefault\u00bb global_colors_info=\u00bb{}\u00bb][et_pb_image src=\u00bbhttps:\/\/flamencoach.com\/wp-content\/uploads\/2022\/12\/Premio-Univergem-Natalia-Palomo.png\u00bb title_text=\u00bbPremio Univergem Natalia Palomo\u00bb url=\u00bbhttps:\/\/cadiznoticias.es\/la-alumna-de-la-uca-natalia-palomo-perez-gana-el-i-certamen-univergem-imparable\/\u00bb url_new_window=\u00bbon\u00bb _builder_version=\u00bb4.19.2&#8243; _module_preset=\u00bbdefault\u00bb transform_scale_last_edited=\u00bboff|desktop\u00bb transform_translate_last_edited=\u00bboff|desktop\u00bb transform_rotate_last_edited=\u00bboff|desktop\u00bb transform_skew_last_edited=\u00bboff|desktop\u00bb transform_origin_last_edited=\u00bboff|desktop\u00bb transform_styles_last_edited=\u00bboff|desktop\u00bb custom_margin=\u00bb||0px||false|false\u00bb custom_padding=\u00bb||35px||false|false\u00bb custom_padding_tablet=\u00bb||35px||false|false\u00bb custom_padding_phone=\u00bb20px||20px||true|false\u00bb custom_padding_last_edited=\u00bbon|phone\u00bb global_colors_info=\u00bb{}\u00bb transform_styles__hover_enabled=\u00bbon|hover\u00bb transform_scale__hover_enabled=\u00bbon|hover\u00bb transform_translate__hover_enabled=\u00bbon|desktop\u00bb transform_rotate__hover_enabled=\u00bbon|desktop\u00bb transform_skew__hover_enabled=\u00bbon|desktop\u00bb transform_origin__hover_enabled=\u00bbon|desktop\u00bb transform_scale__hover=\u00bb105%|105%\u00bb][\/et_pb_image][et_pb_text _builder_version=\u00bb4.19.2&#8243; _module_preset=\u00bbdefault\u00bb header_4_font_size=\u00bb22px\u00bb custom_margin=\u00bb0px||0px||true|false\u00bb custom_padding=\u00bb0px||0px||true|false\u00bb link_option_url=\u00bbhttps:\/\/cadiznoticias.es\/la-alumna-de-la-uca-natalia-palomo-perez-gana-el-i-certamen-univergem-imparable\/\u00bb link_option_url_new_window=\u00bbon\u00bb global_colors_info=\u00bb{}\u00bb header_4_text_color__hover_enabled=\u00bbon|hover\u00bb header_4_text_color__hover=\u00bb#006687&#8243;]<\/p>\n<h4>Primer Premio Univergem<\/h4>\n<p>[\/et_pb_text][\/et_pb_column][et_pb_column type=\u00bb1_4&#8243; _builder_version=\u00bb4.16&#8243; _module_preset=\u00bbdefault\u00bb global_colors_info=\u00bb{}\u00bb][et_pb_image src=\u00bbhttps:\/\/flamencoach.com\/wp-content\/uploads\/2022\/12\/Premio-RTVE-Natalia-Palomo.png\u00bb title_text=\u00bbPremio RTVE Natalia Palomo\u00bb url=\u00bbhttps:\/\/www.rtve.es\/play\/audios\/a-golpe-de-bit\/golpe-bit-arte-flamenco-startup-ole-salamanca-14-09-22\/6691553\/\u00bb url_new_window=\u00bbon\u00bb _builder_version=\u00bb4.19.2&#8243; _module_preset=\u00bbdefault\u00bb custom_margin=\u00bb||0px||false|false\u00bb custom_padding=\u00bb||35px||false|false\u00bb custom_padding_tablet=\u00bb||35px||false|false\u00bb custom_padding_phone=\u00bb20px||20px||true|false\u00bb custom_padding_last_edited=\u00bbon|phone\u00bb global_colors_info=\u00bb{}\u00bb transform_styles__hover_enabled=\u00bbon|hover\u00bb transform_scale__hover_enabled=\u00bbon|hover\u00bb transform_translate__hover_enabled=\u00bbon|desktop\u00bb transform_rotate__hover_enabled=\u00bbon|desktop\u00bb transform_skew__hover_enabled=\u00bbon|desktop\u00bb transform_origin__hover_enabled=\u00bbon|desktop\u00bb transform_scale__hover=\u00bb105%|105%\u00bb][\/et_pb_image][et_pb_text _builder_version=\u00bb4.19.2&#8243; _module_preset=\u00bbdefault\u00bb header_4_font_size=\u00bb22px\u00bb custom_margin=\u00bb0px||0px||true|false\u00bb custom_padding=\u00bb0px||0px||true|false\u00bb link_option_url=\u00bbhttps:\/\/www.rtve.es\/play\/audios\/a-golpe-de-bit\/golpe-bit-arte-flamenco-startup-ole-salamanca-14-09-22\/6691553\/\u00bb link_option_url_new_window=\u00bbon\u00bb global_colors_info=\u00bb{}\u00bb header_4_text_color__hover_enabled=\u00bbon|hover\u00bb header_4_text_color__hover=\u00bb#006687&#8243;]<\/p>\n<h4>Entrevista RTVE \u00abA Golpe de Bit\u00bb<\/h4>\n<p>[\/et_pb_text][\/et_pb_column][\/et_pb_row][\/et_pb_section][et_pb_section fb_built=\u00bb1&#8243; _builder_version=\u00bb4.19.1&#8243; _module_preset=\u00bbdefault\u00bb background_enable_color=\u00bboff\u00bb use_background_color_gradient=\u00bbon\u00bb background_color_gradient_stops=\u00bb#000c23 0%|#00050f 100%\u00bb custom_padding=\u00bb50px||50px||true|false\u00bb bottom_divider_flip=\u00bbvertical\u00bb saved_tabs=\u00bball\u00bb global_colors_info=\u00bb{}\u00bb][et_pb_row _builder_version=\u00bb4.19.1&#8243; _module_preset=\u00bbdefault\u00bb width=\u00bb40%\u00bb width_tablet=\u00bb40%\u00bb width_phone=\u00bb80%\u00bb width_last_edited=\u00bbon|phone\u00bb custom_padding=\u00bb50px||0px||false|false\u00bb global_colors_info=\u00bb{}\u00bb][et_pb_column type=\u00bb4_4&#8243; _builder_version=\u00bb4.16&#8243; _module_preset=\u00bbdefault\u00bb global_colors_info=\u00bb{}\u00bb][et_pb_text _builder_version=\u00bb4.19.1&#8243; _module_preset=\u00bbdefault\u00bb text_orientation=\u00bbcenter\u00bb background_layout=\u00bbdark\u00bb custom_margin=\u00bb0px||0px||true|false\u00bb custom_padding=\u00bb0px||0px||true|false\u00bb header_3_font_size_phone=\u00bb36px\u00bb text_orientation_tablet=\u00bbcenter\u00bb text_orientation_phone=\u00bbleft\u00bb text_orientation_last_edited=\u00bbon|phone\u00bb global_colors_info=\u00bb{}\u00bb]<\/p>\n<h3>Testimonios<\/h3>\n<p>[\/et_pb_text][et_pb_text _builder_version=\u00bb4.19.1&#8243; _module_preset=\u00bbdefault\u00bb header_4_font=\u00bbRoboto||||||||\u00bb text_orientation=\u00bbcenter\u00bb background_layout=\u00bbdark\u00bb custom_margin=\u00bb0px||0px||true|false\u00bb custom_padding=\u00bb0px||0px||true|false\u00bb text_orientation_tablet=\u00bbcenter\u00bb text_orientation_phone=\u00bbleft\u00bb text_orientation_last_edited=\u00bbon|phone\u00bb global_colors_info=\u00bb{}\u00bb]<\/p>\n<h5>No est\u00e1s sol@ en esto&#8230; aqu\u00ed tienes el ejemplo de otras personas que han pasado por una situaci\u00f3n similar.<\/h5>\n<p>[\/et_pb_text][\/et_pb_column][\/et_pb_row][et_pb_row column_structure=\u00bb1_3,1_3,1_3&#8243; _builder_version=\u00bb4.19.1&#8243; _module_preset=\u00bbdefault\u00bb custom_padding=\u00bb50px||50px||true|false\u00bb locked=\u00bboff\u00bb global_colors_info=\u00bb{}\u00bb][et_pb_column type=\u00bb1_3&#8243; _builder_version=\u00bb4.16&#8243; _module_preset=\u00bbdefault\u00bb global_colors_info=\u00bb{}\u00bb][et_pb_image src=\u00bbhttps:\/\/flamencoach.com\/wp-content\/uploads\/2022\/12\/5-Estrellas.png\u00bb title_text=\u00bb5 Estrellas\u00bb _builder_version=\u00bb4.19.1&#8243; _module_preset=\u00bbdefault\u00bb width=\u00bb30%\u00bb width_tablet=\u00bb30%\u00bb width_phone=\u00bb40%\u00bb width_last_edited=\u00bbon|phone\u00bb custom_margin=\u00bb||25px||false|false\u00bb custom_padding=\u00bb||0px||false|false\u00bb global_colors_info=\u00bb{}\u00bb][\/et_pb_image][et_pb_text _builder_version=\u00bb4.19.3&#8243; _module_preset=\u00bbdefault\u00bb text_font=\u00bb||on||||||\u00bb text_orientation=\u00bbjustified\u00bb background_layout=\u00bbdark\u00bb custom_margin=\u00bb0px||||false|false\u00bb custom_padding=\u00bb0px||||false|false\u00bb global_colors_info=\u00bb{}\u00bb]<\/p>\n<p>Para mi trabajar contigo ha supuesto ganas de intentar superar el miedo, y confianza al saber que has pasado por lo mismo, ya que si no es as\u00ed, es dif\u00edcil que te entiendan.<\/p>\n<p>Agradecerte tu profesionalidad, humanidad y cercan\u00eda. Hablo contigo y parece que te conozco desde siempre, y eso hace que me abra m\u00e1s y me sienta bien explic\u00e1ndote mis miedos.<\/p>\n<p>[\/et_pb_text][et_pb_text _builder_version=\u00bb4.19.3&#8243; _module_preset=\u00bbdefault\u00bb text_font=\u00bbStyle Script||||||||\u00bb text_font_size=\u00bb35px\u00bb background_layout=\u00bbdark\u00bb global_colors_info=\u00bb{}\u00bb]<\/p>\n<p>Isabel A.<\/p>\n<p>[\/et_pb_text][\/et_pb_column][et_pb_column type=\u00bb1_3&#8243; _builder_version=\u00bb4.16&#8243; _module_preset=\u00bbdefault\u00bb global_colors_info=\u00bb{}\u00bb][et_pb_image src=\u00bbhttps:\/\/flamencoach.com\/wp-content\/uploads\/2022\/12\/5-Estrellas.png\u00bb title_text=\u00bb5 Estrellas\u00bb _builder_version=\u00bb4.19.1&#8243; _module_preset=\u00bbdefault\u00bb width=\u00bb30%\u00bb width_tablet=\u00bb30%\u00bb width_phone=\u00bb40%\u00bb width_last_edited=\u00bbon|phone\u00bb custom_margin=\u00bb||25px||false|false\u00bb custom_padding=\u00bb||0px||false|false\u00bb global_colors_info=\u00bb{}\u00bb][\/et_pb_image][et_pb_text _builder_version=\u00bb4.19.3&#8243; _module_preset=\u00bbdefault\u00bb text_font=\u00bb||on||||||\u00bb text_orientation=\u00bbjustified\u00bb background_layout=\u00bbdark\u00bb custom_margin=\u00bb0px||||false|false\u00bb custom_padding=\u00bb0px||||false|false\u00bb global_colors_info=\u00bb{}\u00bb]<\/p>\n<p>La terapia para m\u00ed ha sido sin\u00f3nimo de vida.<\/p>\n<p>Me la ha cambiado por completo, ha sido despertar de donde yo estaba, aprender que ni todo es tan bueno ni todo es tan malo (aunque una sigue en el proceso constantemente), vivir en el presente, aprender a gestionar los problemas y aprender que a veces no son reales.<\/p>\n<p>Ir a terapia para mi ha sido ver la vida desde otro punto de vista que yo no hubiera sido capaz de ver por mi misma.<\/p>\n<p>[\/et_pb_text][et_pb_text _builder_version=\u00bb4.19.3&#8243; _module_preset=\u00bbdefault\u00bb text_font=\u00bbStyle Script||||||||\u00bb text_font_size=\u00bb35px\u00bb background_layout=\u00bbdark\u00bb global_colors_info=\u00bb{}\u00bb]<\/p>\n<p>Juana.<\/p>\n<p>[\/et_pb_text][\/et_pb_column][et_pb_column type=\u00bb1_3&#8243; _builder_version=\u00bb4.16&#8243; _module_preset=\u00bbdefault\u00bb global_colors_info=\u00bb{}\u00bb][et_pb_image src=\u00bbhttps:\/\/flamencoach.com\/wp-content\/uploads\/2022\/12\/5-Estrellas.png\u00bb title_text=\u00bb5 Estrellas\u00bb _builder_version=\u00bb4.19.1&#8243; _module_preset=\u00bbdefault\u00bb width=\u00bb30%\u00bb width_tablet=\u00bb30%\u00bb width_phone=\u00bb40%\u00bb width_last_edited=\u00bbon|phone\u00bb custom_margin=\u00bb||25px||false|false\u00bb custom_padding=\u00bb||0px||false|false\u00bb global_colors_info=\u00bb{}\u00bb][\/et_pb_image][et_pb_text _builder_version=\u00bb4.19.3&#8243; _module_preset=\u00bbdefault\u00bb text_font=\u00bb||on||||||\u00bb text_orientation=\u00bbjustified\u00bb background_layout=\u00bbdark\u00bb custom_margin=\u00bb0px||||false|false\u00bb custom_padding=\u00bb0px||||false|false\u00bb global_colors_info=\u00bb{}\u00bb]<\/p>\n<p>A causa de un par de problemas tuve un cuadro de ansiedad y mucha mucha tristeza,debido a ello tuve un desajuste hormonal..<\/p>\n<p>Mi cuerpo gritaba lo que por dentro no se escuchaba y me mando se\u00f1ales de que algo no iba bien&#8230;<\/p>\n<p>Con Nati y su terapia aprend\u00ed que los seres humanos somos vulnerables y no pasa nada,aprend\u00ed a encontrarme en aquel momento de perdida de identidad tan grande en el que me encontraba,a escuchar mi cuerpo y aprend\u00ed que unas de las soluciones para arreglar un problema es aceptarlo y afrontarlo, nunca esquivarlo.<\/p>\n<p>[\/et_pb_text][et_pb_text _builder_version=\u00bb4.19.3&#8243; _module_preset=\u00bbdefault\u00bb text_font=\u00bbStyle Script||||||||\u00bb text_font_size=\u00bb35px\u00bb background_layout=\u00bbdark\u00bb global_colors_info=\u00bb{}\u00bb]<\/p>\n<p>Carmen.<\/p>\n<p>[\/et_pb_text][\/et_pb_column][\/et_pb_row][\/et_pb_section]<\/p>\n","protected":false},"excerpt":{"rendered":"<p>SOBRE NATALIA PALOMODejame contarte la historia sobre c\u00f3mo cambi\u00e9 mi vida y c\u00f3mo t\u00fa puedes cambiar la tuya.Natalia Palomo P\u00e9rezSi eres de los que se est\u00e1 preguntando qui\u00e9n soy, y [&hellip;]<\/p>\n","protected":false},"author":3,"featured_media":0,"parent":0,"menu_order":0,"comment_status":"closed","ping_status":"closed","template":"","meta":{"_et_pb_use_builder":"on","_et_pb_old_content":"<!-- wp:paragraph -->\n<p>Esta es una p\u00e1gina de ejemplo. Es diferente a una entrada del blog porque permanecer\u00e1 en un solo lugar y aparecer\u00e1 en la navegaci\u00f3n de tu sitio (en la mayor\u00eda de los temas). La mayor\u00eda de las personas comienzan con una p\u00e1gina \u00abAcerca de\u00bb que les presenta a los visitantes potenciales del sitio. Podr\u00edas decir algo as\u00ed:<\/p>\n<!-- \/wp:paragraph -->\n\n<!-- wp:quote -->\n<blockquote class=\"wp-block-quote\"><p>\u00a1Bienvenido! Soy camarero de d\u00eda, aspirante a actor de noche y esta es mi web. Vivo en Mairena del Alcor, tengo un perro que se llama Firulais y me gusta el rebujito. (Y las tardes largas con caf\u00e9).<\/p><\/blockquote>\n<!-- \/wp:quote -->\n\n<!-- wp:paragraph -->\n<p>\u2026o algo as\u00ed:<\/p>\n<!-- \/wp:paragraph -->\n\n<!-- wp:quote -->\n<blockquote class=\"wp-block-quote\"><p>La empresa \u00abMariscos Recio\u00bb fue fundada por Antonio Recio Mata. Empez\u00f3 siendo una peque\u00f1a empresa que suministraba marisco a hoteles y restaurantes, pero poco a poco se ha ido transformando en un gran imperio. Mariscos Recio, el mar al mejor precio.<\/p><\/blockquote>\n<!-- \/wp:quote -->\n\n<!-- wp:paragraph -->\n<p>Como nuevo usuario de WordPress, deber\u00edas ir a <a href=\"http:\/\/flamencoach.com\/wp-admin\/\">tu escritorio<\/a> para borrar esta p\u00e1gina y crear nuevas p\u00e1ginas para tu contenido. \u00a1P\u00e1salo bien!<\/p>\n<!-- \/wp:paragraph -->","_et_gb_content_width":"","footnotes":""},"class_list":["post-103","page","type-page","status-publish","hentry"],"_links":{"self":[{"href":"https:\/\/flamencoach.com\/index.php\/wp-json\/wp\/v2\/pages\/103","targetHints":{"allow":["GET"]}}],"collection":[{"href":"https:\/\/flamencoach.com\/index.php\/wp-json\/wp\/v2\/pages"}],"about":[{"href":"https:\/\/flamencoach.com\/index.php\/wp-json\/wp\/v2\/types\/page"}],"author":[{"embeddable":true,"href":"https:\/\/flamencoach.com\/index.php\/wp-json\/wp\/v2\/users\/3"}],"replies":[{"embeddable":true,"href":"https:\/\/flamencoach.com\/index.php\/wp-json\/wp\/v2\/comments?post=103"}],"version-history":[{"count":23,"href":"https:\/\/flamencoach.com\/index.php\/wp-json\/wp\/v2\/pages\/103\/revisions"}],"predecessor-version":[{"id":4943,"href":"https:\/\/flamencoach.com\/index.php\/wp-json\/wp\/v2\/pages\/103\/revisions\/4943"}],"wp:attachment":[{"href":"https:\/\/flamencoach.com\/index.php\/wp-json\/wp\/v2\/media?parent=103"}],"curies":[{"name":"wp","href":"https:\/\/api.w.org\/{rel}","templated":true}]}}